{"id":91,"date":"2022-07-17T12:22:24","date_gmt":"2022-07-17T12:22:24","guid":{"rendered":"https:\/\/birdclimber.com\/?page_id=91"},"modified":"2026-02-19T22:29:52","modified_gmt":"2026-02-19T21:29:52","slug":"servizi","status":"publish","type":"page","link":"https:\/\/birdclimber.com\/index.php\/servizi\/","title":{"rendered":"Servizi"},"content":{"rendered":"\n<div class=\"wp-block-group is-layout-flow wp-block-group-is-layout-flow\">\n<div class=\"wp-block-columns is-layout-flex wp-container-core-columns-is-layout-28f84493 wp-block-columns-is-layout-flex\">\n<div class=\"wp-block-column is-layout-flow wp-block-column-is-layout-flow\"><\/div>\n\n\n\n<div class=\"wp-block-column is-layout-flow wp-block-column-is-layout-flow\"><\/div>\n<\/div>\n<\/div>\n\n\n\n<div class=\"wp-block-group alignfull has-photology-secondary-background-color has-background is-layout-flow wp-block-group-is-layout-flow\">\n<div class=\"wp-block-columns alignwide are-vertically-aligned-center is-layout-flex wp-container-core-columns-is-layout-28f84493 wp-block-columns-is-layout-flex\">\n<div class=\"wp-block-column is-layout-flow wp-block-column-is-layout-flow\" style=\"flex-basis:50%\">\n<p class=\"has-text-color\" style=\"color:#000000;font-size:30px;line-height:1.1\"><\/p>\n<\/div>\n\n\n\n<div class=\"wp-block-column is-layout-flow wp-block-column-is-layout-flow\" style=\"flex-basis:50%\">\n<hr class=\"wp-block-separator has-text-color has-css-opacity has-background is-style-wide\" style=\"background-color:#000000;color:#000000\"\/>\n<\/div>\n<\/div>\n\n\n\n<div class=\"wp-block-columns alignwide is-layout-flex wp-container-core-columns-is-layout-28f84493 wp-block-columns-is-layout-flex\">\n<div class=\"wp-block-column is-layout-flow wp-block-column-is-layout-flow\">\n<h2 class=\"wp-block-heading\" style=\"font-style:normal;font-weight:200\">Valutazioni ambientali<\/h2>\n<\/div>\n\n\n\n<div class=\"wp-block-column is-layout-flow wp-block-column-is-layout-flow\">\n<p>La valutazione ambientale ha la finalit\u00e0 di assicurare che l&#8217;attivit\u00e0 antropica sia compatibile con le condizioni per uno sviluppo sostenibile, e quindi nel rispetto della capacit\u00e0 rigenerativa degli ecosistemi e delle risorse, della salvaguardia della biodiversit\u00e0 e di un&#8217;equa distribuzione dei vantaggi connessi all&#8217;attivit\u00e0 economica. <\/p>\n\n\n\n<blockquote class=\"wp-block-quote is-layout-flow wp-block-quote-is-layout-flow\">\n<p>VIA (valutazione di impatto ambientale)<\/p>\n\n\n\n<p>VAS (valutazione ambientale strategica)<\/p>\n\n\n\n<p>VIncA (valutazione di incidenza ambientale)<\/p>\n<\/blockquote>\n<\/div>\n\n\n\n<div class=\"wp-block-column is-layout-flow wp-block-column-is-layout-flow\">\n<p><strong>Con chi ho lavorato:<\/strong><\/p>\n\n\n\n<ul class=\"wp-block-list has-photology-primary-color has-text-color has-link-color wp-elements-7d13f3645b77711719d80c1b6086073a\">\n<li><a href=\"https:\/\/renexia.it\/\">Renexia SpA<\/a><\/li>\n\n\n\n<li><a href=\"https:\/\/www.ramboll.com\/contact-us\/italia\">Ramboll Italy srl<\/a><\/li>\n\n\n\n<li><a href=\"https:\/\/www.sidercem.it\/\">Sidercem srl<\/a><\/li>\n\n\n\n<li><a href=\"https:\/\/www.linkedin.com\/company\/studio-bordonali\/about\/\" target=\"_blank\" rel=\"noreferrer noopener\" title=\"Studio Bordonali Srl\">Studio Bordonali srl<\/a><\/li>\n\n\n\n<li><a href=\"https:\/\/www.linkedin.com\/company\/sun-power\/\" target=\"_blank\" rel=\"noreferrer noopener\" title=\"Sun Power Engineering Corporation srl\">Sun Power Engineering Corporation srl<\/a><\/li>\n\n\n\n<li><a href=\"https:\/\/greengea.it\/\" target=\"_blank\" rel=\"noreferrer noopener\" title=\"GREENGEA srl\">GREENGEA srl<\/a><\/li>\n<\/ul>\n<\/div>\n<\/div>\n\n\n\n<div style=\"height:70px\" aria-hidden=\"true\" class=\"wp-block-spacer\"><\/div>\n\n\n\n<div class=\"wp-block-columns alignwide is-layout-flex wp-container-core-columns-is-layout-28f84493 wp-block-columns-is-layout-flex\">\n<div class=\"wp-block-column is-layout-flow wp-block-column-is-layout-flow\">\n<h2 class=\"wp-block-heading\" style=\"font-style:normal;font-weight:200\">Calate nei nidi<\/h2>\n<\/div>\n\n\n\n<div class=\"wp-block-column is-layout-flow wp-block-column-is-layout-flow\">\n<p>Raggiungere un nido in parete o su un albero \u00e8 un vantaggio per le ricerche scientifiche e per la conservazione della popolazione. E&#8217; anche un grandissimo privilegio per chi si cala e una grande responsabilit\u00e0. Permette di raccogliere dati utili &#8211; biometria, campioni biologici (DNA, resti alimentari, etc), dimensioni dei nidi &#8211; per studiare e comprendere le problematiche di una specie.<\/p>\n<\/div>\n\n\n\n<div class=\"wp-block-column is-layout-flow wp-block-column-is-layout-flow\">\n<p><strong>Con chi ho lavorato: <\/strong><\/p>\n\n\n\n<ul class=\"wp-block-list has-photology-primary-color has-text-color has-link-color wp-elements-5b0f8fb3f6af62f0b5e7300f38da6502\">\n<li><a href=\"https:\/\/www.lifegyptianvulture.it\/\" target=\"_blank\" rel=\"noreferrer noopener\" title=\"Progetto LIFE Egyptian vulture\u2028\">Progetto LIFE Egyptian vulture<\/a><\/li>\n\n\n\n<li><a href=\"https:\/\/www.parcogallipolicognato.it\/index.php\/it\/\" target=\"_blank\" rel=\"noreferrer noopener\" title=\"Parco Regionale Gallipoli Cognato Piccole Dolomiti Lucane\">Parco Regionale Gallipoli Cognato Piccole Dolomiti Lucane<\/a> <\/li>\n\n\n\n<li><a href=\"https:\/\/www.unipa.it\/persone\/docenti\/s\/maurizio.sara\/?pagina=pubblicazione&amp;idPubblicazione=302175\" target=\"_blank\" rel=\"noreferrer noopener\" title=\"Progetto Falcon Conservation - UniPa\">Progetto Falcon Conservation &#8211; UniPa<\/a><\/li>\n\n\n\n<li><a href=\"https:\/\/www.irsa.cnr.it\/wp\/\" target=\"_blank\" rel=\"noreferrer noopener\" title=\"Istituto di Ricerca Sulle Acque CNR\u2028\">Istituto di Ricerca Sulle Acque CNR<\/a><\/li>\n\n\n\n<li><a href=\"https:\/\/www.stazioneornitologicacalabrese.com\/\" target=\"_blank\" rel=\"noreferrer noopener\" title=\"StOrCal Stazione Ornitologica Calabrese\u2028\">StOrCal Stazione Ornitologica Calabrese<\/a><\/li>\n\n\n\n<li><a href=\"https:\/\/icarus.es\/\" target=\"_blank\" rel=\"noreferrer noopener\" title=\"Icarus Estudios Medioambientales\u2028\">Icarus Estudios Medioambientales<\/a><\/li>\n\n\n\n<li><a href=\"http:\/\/rrrcn.ru\/en\" target=\"_blank\" rel=\"noreferrer noopener\" title=\"Russian Raptor Research and Conservation Network\u2028\">Russian Raptor Research and Conservation Network<\/a><\/li>\n\n\n\n<li><a rel=\"noreferrer noopener\" title=\"MME Birdlife Hungary \" href=\"https:\/\/www.birdlife.org\/partners\/hungary-magyar-madartani-es-termeszetvedelmi-egyesulet-mme\/\" target=\"_blank\">MME Birdlife Hungary <\/a><\/li>\n<\/ul>\n<\/div>\n<\/div>\n\n\n\n<div style=\"height:70px\" aria-hidden=\"true\" class=\"wp-block-spacer\"><\/div>\n\n\n\n<div class=\"wp-block-columns alignwide is-layout-flex wp-container-core-columns-is-layout-28f84493 wp-block-columns-is-layout-flex\">\n<div class=\"wp-block-column is-layout-flow wp-block-column-is-layout-flow\">\n<h2 class=\"wp-block-heading\" style=\"font-style:normal;font-weight:200\">Progetti naturalistici<\/h2>\n<\/div>\n\n\n\n<div class=\"wp-block-column is-layout-flow wp-block-column-is-layout-flow\">\n<p>Progetti che mirano alla conservazione e valorizzazione dei territori naturali che ancora mantengono inalterate le matrici ecosistemiche. L&#8217;obiettivo \u00e8 effettuare una gestione razionale del territorio e delle sue risorse. <\/p>\n\n\n\n<blockquote class=\"wp-block-quote is-layout-flow wp-block-quote-is-layout-flow\">\n<p>Restauro e valorizzazione parchi e giardini storici <\/p>\n\n\n\n<p>Campi antibracconaggio <\/p>\n\n\n\n<p><em>Rewilding<\/em><\/p>\n\n\n\n<p>Sostenibilit\u00e0 della pastorizia boschiva<\/p>\n\n\n\n<p>Prevenzione e lotta contro gli incendi dei boschi<\/p>\n\n\n\n<p>Progettazione e realizzazione di <em>food forest<\/em><\/p>\n<\/blockquote>\n<\/div>\n\n\n\n<div class=\"wp-block-column is-layout-flow wp-block-column-is-layout-flow\">\n<p><strong>Con chi ho lavorato: <\/strong><\/p>\n\n\n\n<ul class=\"wp-block-list has-photology-primary-color has-text-color has-link-color wp-elements-789c23a38d154ce245099586c4eabca8\">\n<li><a href=\"http:\/\/www.collettivorewildsicily.com\">Collettivo Rewild Sicily<\/a><\/li>\n\n\n\n<li><a href=\"https:\/\/www.geloi.eu\/\" target=\"_blank\" rel=\"noreferrer noopener\" title=\"Geloi Wetland \">Geloi Wetland <\/a><\/li>\n\n\n\n<li><a href=\"https:\/\/parco.villatasca.com\/\" target=\"_blank\" rel=\"noreferrer noopener\" title=\"Villa Tasca Palermo\">Villa Tasca Palermo<\/a><\/li>\n\n\n\n<li><a href=\"http:\/\/rewildfires.com\/\" target=\"_blank\" rel=\"noreferrer noopener\" title=\"Rewildfires \u2028\">Rewildfires <\/a><\/li>\n\n\n\n<li><a href=\"https:\/\/rewildingeurope.com\/\" target=\"_blank\" rel=\"noreferrer noopener\" title=\"Rewilding Europe\u2028\">Rewilding Europe<\/a><\/li>\n\n\n\n<li><a href=\"https:\/\/www.paucostafoundation.org\/\" target=\"_blank\" rel=\"noreferrer noopener\" title=\"Pau Costa Foundation\">Pau Costa Foundation<\/a><\/li>\n\n\n\n<li><a href=\"https:\/\/www.unipa.it\/persone\/docenti\/s\/maurizio.sara\/?pagina=pubblicazione&amp;idPubblicazione=302175\" target=\"_blank\" rel=\"noreferrer noopener\" title=\"Progetto Falcon Conservation - UniPa\">Progetto Falcon Conservation &#8211; UniPa<\/a><\/li>\n<\/ul>\n<\/div>\n<\/div>\n\n\n\n<div style=\"height:70px\" aria-hidden=\"true\" class=\"wp-block-spacer\"><\/div>\n\n\n\n<div class=\"wp-block-columns alignwide is-layout-flex wp-container-core-columns-is-layout-28f84493 wp-block-columns-is-layout-flex\">\n<div class=\"wp-block-column is-layout-flow wp-block-column-is-layout-flow\">\n<h2 class=\"wp-block-heading\" style=\"font-style:normal;font-weight:200\">Censimenti faunistici<\/h2>\n<\/div>\n\n\n\n<div class=\"wp-block-column is-layout-flow wp-block-column-is-layout-flow\">\n<p>Realizzati sia nell&#8217;ambito di progetti naturalistici che di valutazioni ambientali, i censimenti servono a monitorare le diverse specie presenti all&#8217;interno di un territorio. I censimenti hanno quindi un valore rilevante per la tutela e la salvaguardia del patrimonio naturalistico. <\/p>\n<\/div>\n\n\n\n<div class=\"wp-block-column is-layout-flow wp-block-column-is-layout-flow\">\n<p><strong>Con chi ho lavorato: <\/strong><\/p>\n\n\n\n<ul class=\"wp-block-list has-photology-primary-color has-text-color has-link-color wp-elements-a72d82c45b35def3440d52c8201aeb91\">\n<li><a href=\"https:\/\/parco.villatasca.com\/\" target=\"_blank\" rel=\"noreferrer noopener\" title=\"Villa Tasca Palermo\">Villa Tasca Palermo<\/a><\/li>\n\n\n\n<li><a href=\"http:\/\/rewildfires.com\/\" target=\"_blank\" rel=\"noreferrer noopener\" title=\"Rewildfires \u2028\"><\/a><a href=\"https:\/\/www.linkedin.com\/company\/studio-bordonali\/about\/\" target=\"_blank\" rel=\"noreferrer noopener\" title=\"Studio Bordonali Srl\">Studio Bordonali srl<\/a><\/li>\n\n\n\n<li><a href=\"http:\/\/rewildfires.com\/\" target=\"_blank\" rel=\"noreferrer noopener\" title=\"Rewildfires \u2028\"><\/a><a href=\"https:\/\/www.linkedin.com\/company\/sun-power\/\" target=\"_blank\" rel=\"noreferrer noopener\" title=\"Sun Power Engineering Corporation srl\">Sun Power Engineering Corporation srl<\/a><\/li>\n\n\n\n<li><a href=\"http:\/\/rewildfires.com\/\" target=\"_blank\" rel=\"noreferrer noopener\" title=\"Rewildfires \u2028\"><\/a><a href=\"https:\/\/greengea.it\/\" target=\"_blank\" rel=\"noreferrer noopener\" title=\"GREENGEA srl\">GREENGEA srl<\/a><\/li>\n\n\n\n<li><a href=\"https:\/\/www.unipa.it\/persone\/docenti\/s\/maurizio.sara\/?pagina=pubblicazione&amp;idPubblicazione=302175\" target=\"_blank\" rel=\"noreferrer noopener\" title=\"Progetto Falcon Conservation - UniPa\">Progetto Falcon Conservation &#8211; UniPa<\/a><\/li>\n<\/ul>\n<\/div>\n<\/div>\n\n\n\n<div style=\"height:132px\" aria-hidden=\"true\" class=\"wp-block-spacer\"><\/div>\n\n\n\n<h3 class=\"wp-block-heading has-large-font-size\" style=\"font-style:normal;font-weight:200\"><strong>Quando e perch\u00e9 contattarmi? <\/strong><\/h3>\n\n\n\n<div class=\"wp-block-columns alignwide is-layout-flex wp-container-core-columns-is-layout-28f84493 wp-block-columns-is-layout-flex\">\n<div class=\"wp-block-column is-style-default has-photology-secondary-color has-photology-text-hero-background-color has-text-color has-background has-link-color wp-elements-a20f123a245f43fed842e8747104ebd9 is-layout-flow wp-block-column-is-layout-flow\" style=\"padding-top:2em;padding-right:2em;padding-bottom:2em;padding-left:2em\">\n<p class=\"has-large-font-size\">Cattura temporanea nidiacei<\/p>\n\n\n\n<hr class=\"wp-block-separator has-text-color has-css-opacity has-background is-style-wide\" style=\"background-color:#000000;color:#000000\"\/>\n\n\n\n<div class=\"wp-block-buttons alignfull is-horizontal is-content-justification-center is-layout-flex wp-container-core-buttons-is-layout-03627597 wp-block-buttons-is-layout-flex\">\n<div class=\"wp-block-button\"><a class=\"wp-block-button__link has-photology-primary-color has-photology-secondary-background-color has-text-color has-background wp-element-button\" style=\"border-radius:46px\">Molti progetti di ricerca e conservazione della fauna selvatica necessitano la cattura temporanea di pulli da nidi quasi inaccessibili (su pareti rocciose o alberi). E&#8217; importante che sia un professionista a prelevarli, per la sicurezza dell&#8217;animale e dell&#8217;operatore.<\/a><\/div>\n<\/div>\n<\/div>\n\n\n\n<div class=\"wp-block-column has-photology-brown-soft-background-color has-text-color has-background has-link-color wp-elements-eec6ffea7b32059b550bfa1346e6d83a is-layout-flow wp-block-column-is-layout-flow\" style=\"color:#000000;padding-top:2em;padding-right:2em;padding-bottom:2em;padding-left:2em\">\n<p class=\"has-photology-secondary-color has-text-color has-large-font-size\">Installazione di trasmettitori              <\/p>\n\n\n\n<hr class=\"wp-block-separator has-css-opacity is-style-wide\"\/>\n\n\n\n<div class=\"wp-block-buttons alignfull is-horizontal is-content-justification-center is-layout-flex wp-container-core-buttons-is-layout-03627597 wp-block-buttons-is-layout-flex\">\n<div class=\"wp-block-button\"><a class=\"wp-block-button__link has-photology-primary-color has-photology-secondary-background-color has-text-color has-background wp-element-button\" style=\"border-radius:46px\">L&#8217;installazione di sistemi di localizzazione sugli animali (radio-trasmettitori, satellitari, GPS, UHF, GSM) \u00e8 un valido aiuto per individuare le aree idonee alla salvaguardia e alla tutela di una specie in pericolo. E&#8217; anche un&#8217;operazione delicata perch\u00e9 la manipolazione dell&#8217;animale non deve arrecargli danno. <\/a><\/div>\n<\/div>\n<\/div>\n\n\n\n<div class=\"wp-block-column has-photology-secondary-color has-photology-text-footer-background-color has-text-color has-background has-link-color wp-elements-4c2e49ce51de172663d548e05f8a0c14 is-layout-flow wp-block-column-is-layout-flow\" style=\"padding-top:2em;padding-right:2em;padding-bottom:2em;padding-left:2em\">\n<p class=\"has-large-font-size\">Recupero campioni biologici<\/p>\n\n\n\n<hr class=\"wp-block-separator has-css-opacity is-style-wide\"\/>\n\n\n\n<div class=\"wp-block-buttons alignfull is-horizontal is-content-justification-center is-layout-flex wp-container-core-buttons-is-layout-03627597 wp-block-buttons-is-layout-flex\">\n<div class=\"wp-block-button\"><a class=\"wp-block-button__link has-photology-primary-color has-photology-secondary-background-color has-text-color has-background wp-element-button\" style=\"border-radius:46px\">Nei nidi \u00e8 possibile trovare sia resti alimentari che materiale biologico, fondamentali per fare una ricerca approfondita sullo stato di salute della popolazione. Devono essere raccolti, catalogati e manipolati con cura per non essere compromessi o danneggiati. <\/a><\/div>\n<\/div>\n<\/div>\n<\/div>\n\n\n\n<div style=\"height:132px\" aria-hidden=\"true\" class=\"wp-block-spacer\"><\/div>\n\n\n\n<h3 class=\"wp-block-heading has-large-font-size\" style=\"font-style:normal;font-weight:200\"><strong>Con chi collaboro ?<\/strong> <\/h3>\n\n\n\n<div style=\"height:17px\" aria-hidden=\"true\" class=\"wp-block-spacer\"><\/div>\n\n\n\n<div class=\"wp-block-columns alignwide is-layout-flex wp-container-core-columns-is-layout-28f84493 wp-block-columns-is-layout-flex\">\n<div class=\"wp-block-column is-layout-flow wp-block-column-is-layout-flow\">\n<div class=\"wp-block-group is-layout-flow wp-block-group-is-layout-flow\">\n<figure class=\"wp-block-image size-large is-style-rounded\"><img loading=\"lazy\" decoding=\"async\" width=\"1024\" height=\"1024\" src=\"https:\/\/birdclimber.com\/wp-content\/uploads\/2023\/05\/e153ffa6-561d-4e1e-9533-bd96886d2197-1024x1024.jpg\" alt=\"\" class=\"wp-image-359\" srcset=\"https:\/\/birdclimber.com\/wp-content\/uploads\/2023\/05\/e153ffa6-561d-4e1e-9533-bd96886d2197-1024x1024.jpg 1024w, https:\/\/birdclimber.com\/wp-content\/uploads\/2023\/05\/e153ffa6-561d-4e1e-9533-bd96886d2197-300x300.jpg 300w, https:\/\/birdclimber.com\/wp-content\/uploads\/2023\/05\/e153ffa6-561d-4e1e-9533-bd96886d2197-100x100.jpg 100w, https:\/\/birdclimber.com\/wp-content\/uploads\/2023\/05\/e153ffa6-561d-4e1e-9533-bd96886d2197-600x600.jpg 600w, https:\/\/birdclimber.com\/wp-content\/uploads\/2023\/05\/e153ffa6-561d-4e1e-9533-bd96886d2197-150x150.jpg 150w, https:\/\/birdclimber.com\/wp-content\/uploads\/2023\/05\/e153ffa6-561d-4e1e-9533-bd96886d2197-768x768.jpg 768w, https:\/\/birdclimber.com\/wp-content\/uploads\/2023\/05\/e153ffa6-561d-4e1e-9533-bd96886d2197.jpg 1062w\" sizes=\"auto, (max-width: 1024px) 100vw, 1024px\" \/><\/figure>\n\n\n\n<h4 class=\"wp-block-heading\">Salvatore Bond\u00ec<\/h4>\n\n\n\n<p class=\"has-link-color wp-elements-b149a4e4cd3275aa33acbde2b5e18918\">Conservazionista,&nbsp;ricercatore&nbsp;scientifico e permaculture, Tot\u00f2 ha lavorato come guida naturalistica e da anni raccoglie le sue esperienze nel blog <em><a href=\"https:\/\/saturidinatura.it\/\" target=\"_blank\" rel=\"noreferrer noopener\" title=\"Saturi di Natura\">Saturi di Natura<\/a><\/em>.<\/p>\n<\/div>\n<\/div>\n\n\n\n<div class=\"wp-block-column is-layout-flow wp-block-column-is-layout-flow\">\n<figure class=\"wp-block-gallery aligncenter has-nested-images columns-default is-cropped wp-block-gallery-1 is-layout-flex wp-block-gallery-is-layout-flex\">\n<figure class=\"wp-block-image size-full is-style-rounded\"><img loading=\"lazy\" decoding=\"async\" width=\"649\" height=\"649\" data-id=\"352\" src=\"https:\/\/birdclimber.com\/wp-content\/uploads\/2023\/05\/screenshot-2022-07-19-at-16.38.58-3.png\" alt=\"\" class=\"wp-image-352\" srcset=\"https:\/\/birdclimber.com\/wp-content\/uploads\/2023\/05\/screenshot-2022-07-19-at-16.38.58-3.png 649w, https:\/\/birdclimber.com\/wp-content\/uploads\/2023\/05\/screenshot-2022-07-19-at-16.38.58-3-300x300.png 300w, https:\/\/birdclimber.com\/wp-content\/uploads\/2023\/05\/screenshot-2022-07-19-at-16.38.58-3-100x100.png 100w, https:\/\/birdclimber.com\/wp-content\/uploads\/2023\/05\/screenshot-2022-07-19-at-16.38.58-3-600x600.png 600w, https:\/\/birdclimber.com\/wp-content\/uploads\/2023\/05\/screenshot-2022-07-19-at-16.38.58-3-150x150.png 150w\" sizes=\"auto, (max-width: 649px) 100vw, 649px\" \/><\/figure>\n<\/figure>\n\n\n\n<h4 class=\"wp-block-heading has-link-color wp-elements-1dbda13ab5287a02ff9edca6734a6ac7\"><a href=\"https:\/\/www.linkedin.com\/in\/hanna-rasper\/\" target=\"_blank\" rel=\"noreferrer noopener\" title=\"Hanna Rasper\">Hanna Rasper<\/a><\/h4>\n\n\n\n<p class=\"has-link-color wp-elements-1fa1802aecc80907e28ff07c3ad0fd4e\">Hanna \u00e8 una designer per l&#8217;impatto sociale. Collabora allo sviluppo di progetti di ricerca gratuiti a impatto sociale, focalizzandosi sulla strategia creativa e l'(info)grafica.<\/p>\n<\/div>\n\n\n\n<div class=\"wp-block-column is-layout-flow wp-block-column-is-layout-flow\">\n<h4 class=\"wp-block-heading\"><\/h4>\n\n\n\n<p><\/p>\n<\/div>\n<\/div>\n<\/div>\n\n\n\n<div class=\"wp-block-buttons is-content-justification-center is-layout-flex wp-container-core-buttons-is-layout-a89b3969 wp-block-buttons-is-layout-flex\">\n<div class=\"wp-block-button is-style-custombuttonfill2\"><a class=\"wp-block-button__link wp-element-button\" href=\"https:\/\/birdclimber.com\/index.php\/contact\/\">VUOI LAVORARE CON ME?<\/a><\/div>\n<\/div>\n\n\n\n<p><\/p>\n","protected":false},"excerpt":{"rendered":"<p>Valutazioni ambientali La valutazione ambientale ha la finalit\u00e0 di assicurare che l&#8217;attivit\u00e0 antropica sia compatibile con le condizioni per uno sviluppo sostenibile, e quindi nel rispetto della capacit\u00e0 rigenerativa degli ecosistemi e delle risorse, della salvaguardia della biodiversit\u00e0 e di un&#8217;equa distribuzione dei vantaggi connessi all&#8217;attivit\u00e0 economica. VIA (valutazione di impatto ambientale) VAS (valutazione ambientale [&hellip;]<\/p>\n","protected":false},"author":1,"featured_media":0,"parent":0,"menu_order":0,"comment_status":"closed","ping_status":"closed","template":"","meta":{"footnotes":""},"class_list":["post-91","page","type-page","status-publish","hentry"],"_links":{"self":[{"href":"https:\/\/birdclimber.com\/index.php\/wp-json\/wp\/v2\/pages\/91","targetHints":{"allow":["GET"]}}],"collection":[{"href":"https:\/\/birdclimber.com\/index.php\/wp-json\/wp\/v2\/pages"}],"about":[{"href":"https:\/\/birdclimber.com\/index.php\/wp-json\/wp\/v2\/types\/page"}],"author":[{"embeddable":true,"href":"https:\/\/birdclimber.com\/index.php\/wp-json\/wp\/v2\/users\/1"}],"replies":[{"embeddable":true,"href":"https:\/\/birdclimber.com\/index.php\/wp-json\/wp\/v2\/comments?post=91"}],"version-history":[{"count":48,"href":"https:\/\/birdclimber.com\/index.php\/wp-json\/wp\/v2\/pages\/91\/revisions"}],"predecessor-version":[{"id":17935,"href":"https:\/\/birdclimber.com\/index.php\/wp-json\/wp\/v2\/pages\/91\/revisions\/17935"}],"wp:attachment":[{"href":"https:\/\/birdclimber.com\/index.php\/wp-json\/wp\/v2\/media?parent=91"}],"curies":[{"name":"wp","href":"https:\/\/api.w.org\/{rel}","templated":true}]}}